{"id":14323,"date":"2011-03-15T00:00:00","date_gmt":"2011-03-15T00:00:00","guid":{"rendered":"https:\/\/fcmanrique.org\/fcm-actividad\/emilio-ontiveros-si-lo-que-queremos\/"},"modified":"2026-04-23T23:19:20","modified_gmt":"2026-04-23T23:19:20","slug":"emilio-ontiveros-si-lo-que-queremos","status":"publish","type":"fcm_actividad","link":"https:\/\/ludiccc.ddns.net\/de\/fcm-actividad\/emilio-ontiveros-si-lo-que-queremos\/","title":{"rendered":"Emilio Ontiveros: <em>Si lo que queremos es salvar la uni\u00f3n monetaria hay que dejar al margen nacionalismos econ\u00f3micos y asumir un presupuesto com\u00fan <\/em>"},"content":{"rendered":"<div class=\"wp-block-columns fcm-page-migration-columns is-layout-flex wp-container-core-columns-is-layout-9d6595d7 wp-block-columns-is-layout-flex\"><div class=\"wp-block-column is-layout-flow wp-block-column-is-layout-flow\" style=\"flex-basis:66.66%\"><figure class=\"wp-block-image size-full\"><img width=\"135\" height=\"100\" src=\"https:\/\/fcm.local\/wp-content\/uploads\/thmb_4dc2a6adeontiveros_135.jpg\" class=\"wp-image-14324\" alt=\"Emilio Ontiveros: Si lo que queremos es salvar la uni\u00f3n monetaria hay que dejar al margen nacionalismos econ\u00f3micos y asumir un presupuesto com\u00fan\" loading=\"eager\" decoding=\"async\" \/><\/figure>\n<p>El presidente de Analistas Financieros Internacionales (Afi), Emilio Ontiveros, inaugur\u00f3 las actividades de la Fundaci\u00f3n C\u00e9sar Manrique del a\u00f1o 2011 con la conferencia <em>Recuperaci\u00f3n y modernizaci\u00f3n econ\u00f3mica en Espa\u00f1a<\/em>, dentro del ciclo \u2018Fronteras y direcciones del progreso\u2019. Ontiveros comenz\u00f3 con un elogio a la labor de la Fundaci\u00f3n C\u00e9sar Manrique, de la que dijo que \u201cayuda a vertebrar el pa\u00eds\u201d y que es \u201cuna referencia en Espa\u00f1a y fuera de ella de lo que una instituci\u00f3n civil puede hacer para mejorar el nivel de vida de sus ciudadanos\u201d.<\/p>\n<p>Ontiveros analiz\u00f3 las causas y la situaci\u00f3n de la crisis en el mundo, en Europa y en Espa\u00f1a y traz\u00f3 los fundamentos de lo que podr\u00eda ser la modernizaci\u00f3n de la econom\u00eda espa\u00f1ola. Asegur\u00f3 que \u201clo peor de la crisis en las econom\u00edas avanzadas ya ha pasado\u201d y la situ\u00f3 como la segunda en importancia despu\u00e9s la Gran Depresi\u00f3n tras el <em>crash<\/em> burs\u00e1til de 1929. Desde la Segunda Guerra Mundial nunca se hab\u00eda entrado en recesi\u00f3n. La singularidad de esta crisis se manifiesta, entre otras razones, por el n\u00famero de empresas que est\u00e1 expulsando el mercado, por el n\u00famero y tipos de econom\u00edas afectadas y porque \u201cnunca una crisis fue tan selectiva con los ricos\u201d. De hecho, Ontiveros asegur\u00f3 que los llamados pa\u00edses emergentes como China, India o Brasil, se han beneficiado de la situaci\u00f3n. <\/p>\n<p>Las 32 econom\u00edas m\u00e1s avanzadas del mundo entraron en recesi\u00f3n. \u201cLo nunca visto\u201d. Tampoco se hab\u00eda visto nunca una crisis que tuviera su epicentro en Wall Street. M\u00e1s cosas nunca vistas: el alto nivel de desempleo y las terapias aplicadas, que han aportado unos niveles baj\u00edsimos del tipo de inter\u00e9s. Recurri\u00f3 a una an\u00e9cdota que le sucedi\u00f3 al Premio Nobel de Econom\u00eda, Milton Friedman, a quien un alumno le pregunt\u00f3 qu\u00e9 pasar\u00eda si los tipos de inter\u00e9s estuvieran a cero y hubiera que seguir estimulando la econom\u00eda: \u201cSuban las sacas de d\u00f3lares a los helic\u00f3pteros y l\u00e1ncenlos\u201d, fue la repuesta. \u201cPues eso es lo que est\u00e1n haciendo los bancos centrales, poner mucha liquidez en manos de los bancos\u201d, dijo Ontiveros. Estados Unidos puso en circulaci\u00f3n muchos d\u00f3lares a pesar del riesgo de que cayera su valor, como as\u00ed ocurri\u00f3, y sin embargo, su econom\u00eda est\u00e1 creciendo. <\/p>\n<p>Explic\u00f3 c\u00f3mo los gobiernos, incluido el de Estados Unidos, han puesto dinero del contribuyente para socorrer a los bancos por sus malas pr\u00e1cticas, y ahora, l\u00f3gicamente hay m\u00e1s deuda p\u00fablica, y al anticipar todo ese dinero p\u00fablico, \u201cque se devolver\u00e1\u201d, los gobiernos tienen menos margen de maniobra para manejar la deuda. El profesor de la Universidad Aut\u00f3noma de Madrid tambi\u00e9n asegur\u00f3 que los bancos optaron por contraer la financiaci\u00f3n y que ahora, hasta que no haya una normalizaci\u00f3n en la actividad interbancaria mayorista, no llegar\u00e1 la recuperaci\u00f3n. Por otra parte, la econom\u00eda mundial ya est\u00e1 creciendo al cuatro por ciento, pero con desigualdad. Mientras los pa\u00edses emergentes crecen al 6,5 por ciento, otros crecen al dos por ciento, y este hecho va a tener implicaciones en la distribuci\u00f3n del poder mundial. <\/p>\n<p>En Europa, la crisis se caracteriza por la contracci\u00f3n del Producto Interior Bruto, la elevada tasa de paro y una alta tasa de mortalidad empresarial. \u201cEl mayor coste de la crisis en Europa \u2014se\u00f1al\u00f3 Ontiveros\u2014 es el zarandeo a las instituciones europeas\u201d, ya que es la primera vez que se cuestiona el euro, que es la principal realizaci\u00f3n de la integraci\u00f3n europea. El profesor considera que lo que ha puesto la crisis de manifiesto es la necesidad de fortalecer las instituciones europeas, y s\u00f3lo hay dos opciones: la fragmentaci\u00f3n o el fortalecimiento y aceleraci\u00f3n de la integraci\u00f3n, es decir, llegar a gobernar la regi\u00f3n econ\u00f3micamente, lo que supondr\u00eda hacer cesiones de soberan\u00eda por parte de los pa\u00edses. \u201cSi lo que queremos es salvar la uni\u00f3n monetaria hay que dejar al margen nacionalismos econ\u00f3micos y asumir un presupuesto com\u00fan\u201d. Espa\u00f1a, en ese caso, como el resto de los pa\u00edses, tendr\u00eda que someter su presupuesto a Bruselas.<\/p>\n\n<div> <\/div>\n\n<p><strong>ESPA\u00d1A<\/strong><\/p>\n<p>El autor de <em>Espa\u00f1a en contraste. Crecimiento econ\u00f3mico<\/em>, comenz\u00f3 analizando la situaci\u00f3n de Espa\u00f1a por el peso espec\u00edfico de su sector inmobiliario, que es un sector tecnol\u00f3gicamente poco cualificado, lo que la hizo m\u00e1s vulnerable a la econom\u00eda. A esto se sumaba el gran endeudamiento privado, incluida la deuda interbancaria. Lo que fall\u00f3, seg\u00fan explic\u00f3 Ontiveros, fue el eslab\u00f3n interbancario. Se cerraron los mercados financieros y comenzaron los problemas para devolver los pr\u00e9stamos. Al depender de un s\u00f3lo sector aument\u00f3 el paro, lo que dificult\u00f3 a\u00fan m\u00e1s la devoluci\u00f3n del cr\u00e9dito. \u201cNunca como hasta ahora son m\u00e1s convergentes los intereses de los bancos y los de los parados\u201d, afirm\u00f3, ya que si no se presta dinero no crecer\u00e1 el empleo.<\/p>\n<p>En Espa\u00f1a no hay una excesiva deuda p\u00fablica pero el exceso de la privada puede acabar por convertirla en p\u00fablica ya que el Estado se ve obligado a gastar m\u00e1s. En todo caso, desde el mes de mayo de 2010, seg\u00fan Ontiveros, el Gobierno ya no tiene una pol\u00edtica presupuestaria propia, desde que fue advertido que si quer\u00eda alcanzar la estabilidad de la deuda p\u00fablica deb\u00eda reducir el nivel de gasto y subir algunos impuestos indirectos. \u201cNo cabe esperar m\u00e1s est\u00edmulos de las autoridades\u201d, asegur\u00f3, as\u00ed que \u201cpara la recuperaci\u00f3n s\u00f3lo cabe confiar en el sector exterior\u201d, e hizo especial hincapi\u00e9 en el \u201cbendito turismo\u201d porque \u201cpor fortuna\u201d, clientes como Alemania est\u00e1n creciendo m\u00e1s y es posible que esa renta la empleen en hacer turismo. \u201cEn eso hay que confiar\u201d, se\u00f1al\u00f3, aunque advirti\u00f3 que no ser\u00e1 suficiente para asentar la recuperaci\u00f3n espa\u00f1ola ya que hace falta una inflexi\u00f3n en la tasa de paro \u201cy esto al menos hasta el a\u00f1o 2012 no lo veremos\u201d. Espa\u00f1a, en todo caso, no volver\u00e1 a crecer por encima del 2,5 por ciento en muchos a\u00f1os, dijo Ontiveros, aunque matiz\u00f3 que probablemente \u201cel crecimiento ser\u00e1 menor pero ser\u00e1 mejor\u201d. <\/p>\n<p>Para finalizar, Ontiveros habl\u00f3 de la posible modernizaci\u00f3n de la econom\u00eda espa\u00f1ola. \u201cBasta con que la tracci\u00f3n de la econom\u00eda sea m\u00e1s homog\u00e9nea\u201d, para lo cual hay dos itinerarios: emplear a mucha gente o hacer las cosas bien, con una mayor productividad, \u201cque no es sacarle el jugo al trabajador\u201d. Habl\u00f3 de la importancia de rodear al trabajador de las mejores herramientas pero tambi\u00e9n de la necesidad de mejorar el capital humano y el capital tecnol\u00f3gico. Respecto a las infraestructuras dijo que \u201ctenemos el pa\u00eds alicatado hasta el techo\u201d, mientras que el capital humano es mejorable. Tambi\u00e9n se\u00f1al\u00f3 la necesidad de mejorar el gobierno de las organizaciones y la figura del emprendedor. \u201cLo peor de esta crisis es que cercena la capacidad para emprender\u201d, porque hay empresas que podr\u00edan ser viables y que sin embargo, no tienen acceso a cr\u00e9dito, y sin cr\u00e9dito no se puede innovar. <\/p>\n<p>Por \u00faltimo destac\u00f3 la importancia de ligar el cr\u00e9dito a las universidades. En Espa\u00f1a no hay fondos de capital riesgo arraigados en las universidades mientras que en Estados Unidos todas las grandes empresas de los \u00faltimos a\u00f1os han nacido con fondos de capital riesgo, incluida Microsoft. Es m\u00e1s, el sesenta por ciento de las empresas de Silicon Valley crece en las universidades y las financian personas y entidades privadas. Concluy\u00f3 con una vis\u00f3n optimista porque en Espa\u00f1a \u201chemos mejorado a las personas y vemos gente con inquietud pr\u00f3xima a la asunci\u00f3n de riesgos, adem\u00e1s de una mejor sociedad civil\u201d.<\/p>\n<p>La conferencia termin\u00f3 con un turno de preguntas en el que el conferenciante se refiri\u00f3 al proceso de concentraci\u00f3n de las cajas de ahorro; la diferencia entre los sistemas de financiaci\u00f3n de Europa y Estados Unidos; el papel de los mercados en la crisis; la confianza del resto de pa\u00edses en la salud econ\u00f3mica de Espa\u00f1a; la incapacidad de los dos grandes partidos para llegar a puntos de acuerdo para salir de la crisis o la necesidad de especializar el producto tur\u00edstico en Canarias, para vender menos pero m\u00e1s caro, apostar por la calidad en vez de por la cantidad y en la viabilidad de hacer compatible la sostenibilidad y el bienestar con la eficiencia de las estructuras productivas tur\u00edsticas.<\/p><\/div><div class=\"wp-block-column is-layout-flow wp-block-column-is-layout-flow\" style=\"flex-basis:33.33%\"><div class=\"wp-block-group detail-panel detail-media wp-block-group-\"><div class=\"wp-block-group__inner-container is-layout-flow wp-block-group-is-layout-flow\"><p><a href=\"https:\/\/fcmanrique.org\/wp-content\/uploads\/4dc2a717eontiveros_640.jpg\"><\/a><\/p><\/div><\/div>\n<div class=\"wp-block-group detail-panel detail-media wp-block-group-\"><div class=\"wp-block-group__inner-container is-layout-flow wp-block-group-is-layout-flow\"><ul class=\"wp-block-list\"><li><a href=\"\/recursos\/actividad\/4dc2a6eanp04-11confemilioontiveros.pdf\" class=\"fcm-pdf-download-link\">Nota de prensa<\/a><\/li><li><a href=\"\/recursos\/actividad\/4dc2a7e3ponenciaontiveros.pdf\" class=\"fcm-pdf-download-link\">Ponencia de Emilio Ontiveros<\/a><\/li><\/ul><\/div><\/div><\/div><\/div>","protected":false},"featured_media":14324,"parent":0,"template":"","meta":{"_acf_changed":false,"ngg_post_thumbnail":0,"footnotes":""},"actividad_tipo":[34],"actividad_lugar":[46],"actividad_departamento":[29],"actividad_ciclo":[72],"class_list":["post-14323","fcm_actividad","type-fcm_actividad","status-publish","has-post-thumbnail","hentry","actividad_tipo-conferencias","actividad_lugar-lugar-fcm","actividad_departamento-departamento-de-territorio-y-medio-ambiente","actividad_ciclo-fronteras-y-direcciones-de-progreso"],"acf":[],"_links":{"self":[{"href":"https:\/\/ludiccc.ddns.net\/de\/wp-json\/wp\/v2\/fcm_actividad\/14323","targetHints":{"allow":["GET"]}}],"collection":[{"href":"https:\/\/ludiccc.ddns.net\/de\/wp-json\/wp\/v2\/fcm_actividad"}],"about":[{"href":"https:\/\/ludiccc.ddns.net\/de\/wp-json\/wp\/v2\/types\/fcm_actividad"}],"version-history":[{"count":1,"href":"https:\/\/ludiccc.ddns.net\/de\/wp-json\/wp\/v2\/fcm_actividad\/14323\/revisions"}],"predecessor-version":[{"id":26981,"href":"https:\/\/ludiccc.ddns.net\/de\/wp-json\/wp\/v2\/fcm_actividad\/14323\/revisions\/26981"}],"wp:featuredmedia":[{"embeddable":true,"href":"https:\/\/ludiccc.ddns.net\/de\/wp-json\/wp\/v2\/media\/14324"}],"wp:attachment":[{"href":"https:\/\/ludiccc.ddns.net\/de\/wp-json\/wp\/v2\/media?parent=14323"}],"wp:term":[{"taxonomy":"actividad_tipo","embeddable":true,"href":"https:\/\/ludiccc.ddns.net\/de\/wp-json\/wp\/v2\/actividad_tipo?post=14323"},{"taxonomy":"actividad_lugar","embeddable":true,"href":"https:\/\/ludiccc.ddns.net\/de\/wp-json\/wp\/v2\/actividad_lugar?post=14323"},{"taxonomy":"actividad_departamento","embeddable":true,"href":"https:\/\/ludiccc.ddns.net\/de\/wp-json\/wp\/v2\/actividad_departamento?post=14323"},{"taxonomy":"actividad_ciclo","embeddable":true,"href":"https:\/\/ludiccc.ddns.net\/de\/wp-json\/wp\/v2\/actividad_ciclo?post=14323"}],"curies":[{"name":"wp","href":"https:\/\/api.w.org\/{rel}","templated":true}]}}