{"id":14270,"date":"2010-03-25T00:00:00","date_gmt":"2010-03-25T00:00:00","guid":{"rendered":"https:\/\/fcmanrique.org\/fcm-actividad\/juan-cruz-he-ido-a-los-escritores-c\/"},"modified":"2026-04-23T23:19:29","modified_gmt":"2026-04-23T23:19:29","slug":"juan-cruz-he-ido-a-los-escritores-c","status":"publish","type":"fcm_actividad","link":"https:\/\/ludiccc.ddns.net\/de\/fcm-actividad\/juan-cruz-he-ido-a-los-escritores-c\/","title":{"rendered":"Juan Cruz: \u00abHe ido a los escritores como si estuviera inaugurando la vida con ellos\u00bb"},"content":{"rendered":"<div class=\"wp-block-columns fcm-page-migration-columns is-layout-flex wp-container-core-columns-is-layout-9d6595d7 wp-block-columns-is-layout-flex\"><div class=\"wp-block-column is-layout-flow wp-block-column-is-layout-flow\" style=\"flex-basis:66.66%\"><figure class=\"wp-block-image size-full\"><img width=\"135\" height=\"100\" src=\"https:\/\/fcm.local\/wp-content\/uploads\/thmb_4bd6a79bjcruz135_100.jpg\" class=\"wp-image-14271\" alt=\"Juan Cruz: \u00abHe ido a los escritores como si estuviera inaugurando la vida con ellos\u00bb\" loading=\"eager\" decoding=\"async\" \/><\/figure>\n<p>\u201cUn libro despojado de ira\u201d. As\u00ed defini\u00f3 el director de la FCM, Fernando G\u00f3mez Aguilera, la \u00faltima obra de Juan Cruz, <strong><em>Egos revueltos<\/em><\/strong>, que se present\u00f3 en la sede de la Fundaci\u00f3n C\u00e9sar Manrique, en Tah\u00edche ante un aforo completo, el 25 de marzo. \u201cUn libro de abrazos de un hombre con suerte, que reconoce su vida como la de un ser afortunado\u201d, complet\u00f3. \u201cUna fiesta literaria\u201d.  La presentaci\u00f3n del libro coincidi\u00f3 con esta \u00faltima descripci\u00f3n de la obra. Tom\u00f3 la palabra la periodista Pilar del R\u00edo, tambi\u00e9n amiga del escritor, que pas\u00f3 a narrar un sue\u00f1o sobrevenido tras la lectura de <em>Egos revueltos<\/em>. Un sue\u00f1o en el que aparec\u00edan los escritores que desfilan por la obra, y otros m\u00e1s, intercalado con an\u00e9cdotas propias o contadas sobre Miguel \u00c1ngel Asturias, Juan Garc\u00eda Hortelano o Antonio Machado. De Juan Cruz dijo que habla de los escritores con guante blanco y apunt\u00f3 que en el libro aparecen pocas mujeres: \u201cT\u00fa no tienes la culpa porque es la triste realidad\u201d, le dijo al autor, de quien asegur\u00f3 que \u201cse limita a ser testigo de lo que ha visto\u201d.  Comenz\u00f3<strong> Juan Cruz<\/strong> su intervenci\u00f3n se\u00f1alando que la carencia de mujeres en la historia de la literatura corresponde al periodo que a \u00e9l le ha tocado vivir, pero \u201cque, en la generaci\u00f3n que viene, hay una especial calidad literaria en las mujeres\u201d. \u201cYo trato de la \u00e9poca en la que se produjo nuestro descubrimiento de la literatura\u201d. Cit\u00f3 el libro <em>Los nuestros<\/em> de Luis Harss, \u201cun profeta\u201d, ya que supo en 1966, que Vargas Llosa o Garc\u00eda M\u00e1rquez iban a ser los escritores que marcar\u00edan la \u00e9poca y esto, cuando ten\u00edan poco m\u00e1s de treinta a\u00f1os. \u201cMi libro es una revisita a los personajes de esa generaci\u00f3n \u2014dijo Cruz\u2014, que fue un periodo de lectores\u201d. En <em>Egos revueltos<\/em>, de hecho, no habla bajo la perspectiva del editor que fue, sino como lector. Lo que quiere contar es \u201cel deslumbramiento que produce en un lector conocer a los escritores a los que admira\u201d. \u201cHe ido a todos los escritores como si estuviera inaugurando la vida con ellos. He querido saber c\u00f3mo era yo conociendo gente\u201d.<\/p>\n<p>Y as\u00ed empez\u00f3 a contar\u2026 De Saramago y su primera conversaci\u00f3n telef\u00f3nica mientras Lisboa ard\u00eda, de C\u00e9sar Manrique, que le dejaba quedarse en su casa \u201csi no armaba jaleo\u201d. \u201cC\u00e9sar era como un conmutador de la luz, te hac\u00eda vivir en un sue\u00f1o\u201d, dijo de \u00e9l.<\/p>\n<p>De Camilo Jos\u00e9 Cela cont\u00f3 una de las an\u00e9cdotas m\u00e1s divertidas de la noche, que destap\u00f3 la primera de las muchas carcajadas que vinieron despu\u00e9s. Ocurri\u00f3 en 1970 en Tenerife. Cela hab\u00eda ido a dar una conferencia. Estaba enfermo, sin su mujer y ten\u00eda cierta aprehensi\u00f3n a dormir solo. El joven Cruz, \u201cJuanito\u201d, con 22 a\u00f1os, fue el encargado de adormecer al futuro Premio Nobel (\u201calgo que le desbarat\u00f3\u201d) en el Hotel Mencey. Don Camilo se sent\u00f3 en un butac\u00f3n a escribir, Cruz se empe\u00f1aba en darle conversaci\u00f3n y Cela en evitarla. Finalmente fue al ba\u00f1o, volvi\u00f3 con un pijama y una bata de seda y se acost\u00f3. \u201c\u00bfDon Camilo, me puedo marchar ya?\u201d, pregunt\u00f3 el joven periodista. \u201cT\u00fa sigue hablando hasta que me duerma\u201d, contest\u00f3. \u201cA partir de entonces tuvimos una relaci\u00f3n muy \u00edntima\u201d, dijo Juan Cruz entre la risa general del p\u00fablico.<\/p>\n<p>Cont\u00f3 dos an\u00e9cdotas de Borges: c\u00f3mo acab\u00f3 d\u00e1ndole de comer una <em>vichisoise<\/em> en un restaurante de Madrid, junto a su hija, a su mujer y a Fernando Delgado, en un fin de semana que le encargaron acompa\u00f1arle por la capital, y c\u00f3mo, un d\u00eda, mientras le cerraba la maleta en el hotel le dijo el escritor argentino: \u201cDeje una ranurita, para que respiren las camisas\u201d.<\/p>\n\n<div> <\/div>\n\n<p>A Cort\u00e1zar se lo encontr\u00f3 en una calle de Amsterdam y este le dio su direcci\u00f3n de Par\u00eds pero no su tel\u00e9fono. Busc\u00f3 en la gu\u00eda de tel\u00e9fonos (\u201cque antes era Google\u201d) todos los n\u00fameros de esa calle, dispuesto a llamar al escritor argentino. Eligi\u00f3 uno al azar, marc\u00f3 y pregunt\u00f3 por el se\u00f1or Cort\u00e1zar. <em>C\u00b4est moi<\/em>, fue la respuesta. \u201cAhora parecen batallitas de viejo, pero son sue\u00f1os de adolescente\u201d, dijo Cruz, que volvi\u00f3 a Cela, espoleado por Pilar del R\u00edo, para contar sus vicisitudes con la concesi\u00f3n del Nobel, su pol\u00e9mica con otros escritores, el discurso y la segunda esposa del autor de <em>La familia de Pascual Duarte<\/em>.  \u201cSusan Sontag era muy inteligente pero dif\u00edcil de llevar\u201d. Tuvo que invitarla a Lanzarote, acompa\u00f1ada de su hijo, porque quer\u00eda conocer a Jos\u00e9 Saramago y la aloj\u00f3 en el Hotel Fariones. Ella, quiz\u00e1 acostumbrada a un lujo mayor, pregunt\u00f3 si el hotel era inadecuado. A Sontag, que le gustaba mucho conocer gente famosa y sentirse querida, cuando fue a la Feria del Libro a Madrid tuvo la suerte de que la Reina Sof\u00eda visitara ese d\u00eda las casetas lo que supuso ocupar la portada de <em>El Pa\u00eds<\/em>, dispar\u00e1ndose las ventas de su libro y alimentando el ego de la escritora.  Con el ego, precisamente, termin\u00f3 la presentaci\u00f3n, que dur\u00f3 casi lo que dura un partido de f\u00fatbol \u2014Juan Cruz es un gran aficionado a este deporte y seguidor del Barcelona\u2014. \u201cSin ego no se puede hacer nada, es fundamental, pero hay muchas clases y creo que se debe perseguir el ego gobernado. El ego no es peyorativo, depende de los adjetivos: los hay insoportables, redondos, picudos escalfados\u2026 El ego sin adjetivo no es nada\u201d, concluy\u00f3.<\/p><\/div><div class=\"wp-block-column is-layout-flow wp-block-column-is-layout-flow\" style=\"flex-basis:33.33%\"><div class=\"wp-block-group detail-panel detail-media wp-block-group-\"><div class=\"wp-block-group__inner-container is-layout-flow wp-block-group-is-layout-flow\"><p><a href=\"https:\/\/fcmanrique.org\/wp-content\/uploads\/4bd6a86ajcruz3_640.jpg\"><\/a><\/p><\/div><\/div>\n<div class=\"wp-block-group detail-panel detail-media wp-block-group-\"><div class=\"wp-block-group__inner-container is-layout-flow wp-block-group-is-layout-flow\"><ul class=\"wp-block-list\"><li><a href=\"\/recursos\/actividad\/4bd6a7ecnp05-10jcruz.pdf\" class=\"fcm-pdf-download-link\">Nota de prensa<\/a><\/li><\/ul><\/div><\/div><\/div><\/div>","protected":false},"featured_media":14271,"parent":0,"template":"","meta":{"_acf_changed":false,"ngg_post_thumbnail":0,"footnotes":""},"actividad_tipo":[36],"actividad_lugar":[46],"actividad_departamento":[31],"actividad_ciclo":[],"class_list":["post-14270","fcm_actividad","type-fcm_actividad","status-publish","has-post-thumbnail","hentry","actividad_tipo-presentacion-libros","actividad_lugar-lugar-fcm","actividad_departamento-departamento-de-programas-culturales"],"acf":[],"_links":{"self":[{"href":"https:\/\/ludiccc.ddns.net\/de\/wp-json\/wp\/v2\/fcm_actividad\/14270","targetHints":{"allow":["GET"]}}],"collection":[{"href":"https:\/\/ludiccc.ddns.net\/de\/wp-json\/wp\/v2\/fcm_actividad"}],"about":[{"href":"https:\/\/ludiccc.ddns.net\/de\/wp-json\/wp\/v2\/types\/fcm_actividad"}],"version-history":[{"count":2,"href":"https:\/\/ludiccc.ddns.net\/de\/wp-json\/wp\/v2\/fcm_actividad\/14270\/revisions"}],"predecessor-version":[{"id":27014,"href":"https:\/\/ludiccc.ddns.net\/de\/wp-json\/wp\/v2\/fcm_actividad\/14270\/revisions\/27014"}],"wp:featuredmedia":[{"embeddable":true,"href":"https:\/\/ludiccc.ddns.net\/de\/wp-json\/wp\/v2\/media\/14271"}],"wp:attachment":[{"href":"https:\/\/ludiccc.ddns.net\/de\/wp-json\/wp\/v2\/media?parent=14270"}],"wp:term":[{"taxonomy":"actividad_tipo","embeddable":true,"href":"https:\/\/ludiccc.ddns.net\/de\/wp-json\/wp\/v2\/actividad_tipo?post=14270"},{"taxonomy":"actividad_lugar","embeddable":true,"href":"https:\/\/ludiccc.ddns.net\/de\/wp-json\/wp\/v2\/actividad_lugar?post=14270"},{"taxonomy":"actividad_departamento","embeddable":true,"href":"https:\/\/ludiccc.ddns.net\/de\/wp-json\/wp\/v2\/actividad_departamento?post=14270"},{"taxonomy":"actividad_ciclo","embeddable":true,"href":"https:\/\/ludiccc.ddns.net\/de\/wp-json\/wp\/v2\/actividad_ciclo?post=14270"}],"curies":[{"name":"wp","href":"https:\/\/api.w.org\/{rel}","templated":true}]}}