{"id":14137,"date":"2007-05-24T00:00:00","date_gmt":"2007-05-24T00:00:00","guid":{"rendered":"https:\/\/fcmanrique.org\/fcm-actividad\/alfredo-herrera-pique-pasion-y-aven\/"},"modified":"2026-04-23T23:19:19","modified_gmt":"2026-04-23T23:19:19","slug":"alfredo-herrera-pique-pasion-y-aven","status":"publish","type":"fcm_actividad","link":"https:\/\/ludiccc.ddns.net\/de\/fcm-actividad\/alfredo-herrera-pique-pasion-y-aven\/","title":{"rendered":"Alfredo Herrera Piqu\u00e9. <em>Pasi\u00f3n y aventura en la ciencia de las Luces<\/em>"},"content":{"rendered":"<div class=\"wp-block-columns fcm-page-migration-columns is-layout-flex wp-container-core-columns-is-layout-9d6595d7 wp-block-columns-is-layout-flex\"><div class=\"wp-block-column is-layout-flow wp-block-column-is-layout-flow\" style=\"flex-basis:66.66%\"><figure class=\"wp-block-image size-full\"><img width=\"135\" height=\"100\" src=\"https:\/\/fcm.local\/wp-content\/uploads\/thmb_469c8ae7thmb_herrerapique01_135.jpg\" class=\"wp-image-14138\" alt=\"Alfredo Herrera Piqu\u00e9. Pasi\u00f3n y aventura en la ciencia de las Luces\" loading=\"eager\" decoding=\"async\" \/><\/figure>\n<p>La conferencia que el ensayista y escritor Alfredo Herrera Piqu\u00e9 desarroll\u00f3 el 24 de mayo de 2007 en la FCM buce\u00f3 en la prehistoria cient\u00edfica del Archipi\u00e9lago canario con el fin de iluminar el presente, en el que \u201cla figura del intelectual ha sido barrida por los medios de comunicaci\u00f3n de masas\u201d, que apenas dedican atenci\u00f3n a la informaci\u00f3n de car\u00e1cter cient\u00edfico. <br><\/p>\n<p>El escritor y ensayista relat\u00f3 c\u00f3mo hace doscientos a\u00f1os un joven ge\u00f3grafo desembarc\u00f3 en Tenerife equipado con un instrumental de m\u00e1s de 300 kilos de peso, dispuesto a realizar numerosos experimentos sobre un terreno pr\u00e1cticamente virgen. Este hombre era Alejandro de Humboldt y su breve estancia en el Archipi\u00e9lago coloc\u00f3 a Canarias en un lugar destacado de la Historia de la Ciencia europea para siempre. Realiz\u00f3 el primer estudio cient\u00edfico del vulcanismo de Tenerife, dibuj\u00f3 el mapa geobot\u00e1nico insular y calcul\u00f3 la altitud exacta del Teide. En la actualidad, recuerda Alfredo Herrera Piqu\u00e9, \u201cel mundo que recorrieron, catalogaron, disfrutaron y nombraron aquellos exploradores cient\u00edficos, ya no existe\u201d. Pero Humboldt no fue el \u00fanico. Un siglo antes, el astr\u00f3nomo franc\u00e9s Louis Feuill\u00e9e se desplaz\u00f3 hasta El Hierro con la misi\u00f3n de calcular la posici\u00f3n del Primer Meridiano, ubicado desde Ptolomeo en los confines del mundo conocido, las Islas Afortunadas. Fue el primero en aplicar el m\u00e9todo cient\u00edfico en las Islas Canarias, explic\u00f3 Herrera, y adem\u00e1s de fijar el meridiano de referencia, calcul\u00f3 la latitud de La Laguna y la altitud del Teide (hoy sabemos que con ciertos errores). <br><\/p>\n<p>\u201cPasi\u00f3n y aventura en la ciencia de Las Luces\u201d era el t\u00edtulo de la conferencia, y Herrera Piqu\u00e9 describi\u00f3 durante su intervenci\u00f3n los principales aspectos que hicieron del siglo XVIII una etapa hist\u00f3rica marcada por la confianza en la raz\u00f3n y en las posibilidades de desarrollo del ser humano. \u201cEl lenguaje cient\u00edfico pas\u00f3 a ser un lenguaje com\u00fan\u201d y la idea del progreso como una l\u00ednea ascendente que siempre tiende a etapas mejores dio lugar a una \u201cnueva interpretaci\u00f3n del mundo\u201d, bien ilustrada en La Enciclopedia. <br><\/p>\n<p>Fue la \u00e9poca en la que se profesionaliz\u00f3 la actividad cient\u00edfica y se desarrollaron las primeras aplicaciones tecnol\u00f3gicas en la vida cotidiana. Fue tambi\u00e9n el siglo en el que aparecieron las primeras cosmogon\u00edas que trataban de explicar el origen del universo. La Ilustraci\u00f3n se caracteriz\u00f3 adem\u00e1s por la creaci\u00f3n de los primeros herbarios y jardines bot\u00e1nicos, as\u00ed como de las primeras grandes colecciones privadas, que m\u00e1s tarde se convertir\u00edan en los museos que conocemos en la actualidad. Por supuesto, fue el siglo de las grandes expediciones mar\u00edtimas, marcadas por una doble dimensi\u00f3n: la expansi\u00f3n colonial y la investigaci\u00f3n cient\u00edfica. Los barcos que conquistaban nuevas tierras ten\u00edan entre sus pasajeros a f\u00edsicos, astr\u00f3nomos o dibujantes de Historia Natural. <br><\/p>\n<p>Dos siglos m\u00e1s tarde, nuestro mundo se caracteriza por \u201clas grandes desigualdades, el aumento demogr\u00e1fico, el cambio clim\u00e1tico y el agotamiento de las reservas energ\u00e9ticas\u201d, y en opini\u00f3n de Herrera Piqu\u00e9 \u201clas perspectivas son muy inquietantes\u201d. <\/p>\n<p>Recuperar la \u201cautoridad intelectual\u201d y el \u201cvalor del conocimiento cient\u00edfico\u201d es una tarea necesaria que corresponde al ser humano del siglo XXI, con el fin de contrarrestar la influencia de \u201clos cuatro jinetes del Apocalipsis moderno: el dinero, el consumo, la exaltaci\u00f3n de la imagen y el poder\u201d. <br><\/p>\n<p>\u201cSomos una \u00ednfima y fr\u00e1gil estela de vida situada en el universo\u201d, comenz\u00f3 diciendo Herrera Piqu\u00e9. No obstante, hemos demostrado estar dotados de una \u201ccapacidad de destrucci\u00f3n y autodestrucci\u00f3n capaz de modificar las condiciones de vida\u201d existentes. \u201cSomos polvo estelar sometido a las leyes del azar y la necesidad. Pero tambi\u00e9n tenemos una incre\u00edble capacidad de conciencia, que es nuestra peque\u00f1a riqueza y tambi\u00e9n el germen de nuestra angustia existencial\u201d, a\u00f1adi\u00f3. La cuesti\u00f3n es: \u00bfseremos capaces de transformar esa angustia existencial en una acci\u00f3n al servicio de la Naturaleza en la que se origin\u00f3 nuestra especie? <br><\/p>\n<p>Alfredo Herrera Piqu\u00e9 es ensayista y escritor, y ha desarrollado una extensa y variada actividad cultural, paralela a una dilatada acci\u00f3n de compromiso pol\u00edtico. Desempe\u00f1\u00f3 el cargo de consejero de Cultura del Gobierno Aut\u00f3nomo de Canarias y, posteriormente, fue Senador en las III y IV legislaturas de las Cortes. En el Senado fue vicepresidente de la Comisi\u00f3n de Educaci\u00f3n, Universidades, Investigaci\u00f3n y Cultura. <\/p>\n<p>Durante largos a\u00f1os ha cooperado en la dinamizaci\u00f3n de la vida cultural en las Islas y ha promovido relevantes iniciativas realizadas en este campo, tales como la propuesta de conmemorar la Fundaci\u00f3n de la Ciudad de Las Palmas de Gran Canaria, la organizaci\u00f3n del Congreso de Cultura de Canarias, el primer plan de restauraci\u00f3n del Patrimonio Hist\u00f3rico de las islas Canarias, el Festival Internacional de M\u00fasica de Canarias, la declaraci\u00f3n del barrio de Triana (Las Palmas) como conjunto hist\u00f3rico o la propuesta y estudio para la candidatura del Centro Hist\u00f3rico de Las Palmas a su declaraci\u00f3n como Patrimonio Mundial, as\u00ed como otras varias a\u00fan no llevadas a cabo, como la creaci\u00f3n del Museo Hist\u00f3rico de Las Palmas de Gran Canaria. <\/p>\n<p>Igualmente, ha sido presidente del Museo Canario y ha cooperado en la gesti\u00f3n de otras entidades culturales de Las Palmas de Gran Canaria. Es asiduo participante en los Coloquios de Historia Canario Americana y ha sido director de la revista cultural \u201cAguayro\u201d (1973-1991) y del semanario informativo \u201cSansof\u00e9\u201d, habiendo escrito centenares de art\u00edculos en diarios de Las Palmas de Gran Canaria, en el periodo 1965-2005. <\/p>\n<p>Entre sus ensayos y publicaciones, se encuentran \u201cLa ciudad de Las Palmas, noticia hist\u00f3rica de su urbanizaci\u00f3n\u201d (1978), \u201cArquitectura neocl\u00e1sica en Canarias\u201d (1982), \u201cCanarias, escala en la exploraci\u00f3n cient\u00edfica de los continentes ex\u00f3ticos\u201d (1982), \u201cLas Palmas de Gran Canaria\u201d (1984), \u201cLas islas Canarias, escala cient\u00edfica en el Atl\u00e1ntico. Viajeros y naturalistas en el siglo XVIII\u201d (1987), \u201cTesoros del Museo Canario\u201d (1990), \u201cCuatro tiempos de la Ciudad\u201d (1995), \u201cEl drago de las islas Canarias. Iconograf\u00eda y referencias hist\u00f3ricas\u201d (1996), \u201cLas Palmas de Gran Canaria. Patrimonio hist\u00f3rico y cultural de una ciudad atl\u00e1ntica\u201d (1997), \u201cEl nacimiento de una Ciudad\u201d (2005), y \u201cPasi\u00f3n y aventura en la Ciencia de las Luces\u201d (2006).<\/p><\/div><div class=\"wp-block-column is-layout-flow wp-block-column-is-layout-flow\" style=\"flex-basis:33.33%\"><div class=\"wp-block-group detail-panel detail-media wp-block-group-\"><div class=\"wp-block-group__inner-container is-layout-flow wp-block-group-is-layout-flow\"><p><a href=\"https:\/\/fcmanrique.org\/wp-content\/uploads\/469c8be0thmb_herrerapique01_600.jpg\"><\/a><\/p><\/div><\/div><\/div><\/div>","protected":false},"featured_media":14138,"parent":0,"template":"","meta":{"_acf_changed":false,"ngg_post_thumbnail":0,"footnotes":""},"actividad_tipo":[34],"actividad_lugar":[46],"actividad_departamento":[31],"actividad_ciclo":[73],"class_list":["post-14137","fcm_actividad","type-fcm_actividad","status-publish","has-post-thumbnail","hentry","actividad_tipo-conferencias","actividad_lugar-lugar-fcm","actividad_departamento-departamento-de-programas-culturales","actividad_ciclo-foro-archipielago"],"acf":[],"_links":{"self":[{"href":"https:\/\/ludiccc.ddns.net\/de\/wp-json\/wp\/v2\/fcm_actividad\/14137","targetHints":{"allow":["GET"]}}],"collection":[{"href":"https:\/\/ludiccc.ddns.net\/de\/wp-json\/wp\/v2\/fcm_actividad"}],"about":[{"href":"https:\/\/ludiccc.ddns.net\/de\/wp-json\/wp\/v2\/types\/fcm_actividad"}],"version-history":[{"count":1,"href":"https:\/\/ludiccc.ddns.net\/de\/wp-json\/wp\/v2\/fcm_actividad\/14137\/revisions"}],"predecessor-version":[{"id":26945,"href":"https:\/\/ludiccc.ddns.net\/de\/wp-json\/wp\/v2\/fcm_actividad\/14137\/revisions\/26945"}],"wp:featuredmedia":[{"embeddable":true,"href":"https:\/\/ludiccc.ddns.net\/de\/wp-json\/wp\/v2\/media\/14138"}],"wp:attachment":[{"href":"https:\/\/ludiccc.ddns.net\/de\/wp-json\/wp\/v2\/media?parent=14137"}],"wp:term":[{"taxonomy":"actividad_tipo","embeddable":true,"href":"https:\/\/ludiccc.ddns.net\/de\/wp-json\/wp\/v2\/actividad_tipo?post=14137"},{"taxonomy":"actividad_lugar","embeddable":true,"href":"https:\/\/ludiccc.ddns.net\/de\/wp-json\/wp\/v2\/actividad_lugar?post=14137"},{"taxonomy":"actividad_departamento","embeddable":true,"href":"https:\/\/ludiccc.ddns.net\/de\/wp-json\/wp\/v2\/actividad_departamento?post=14137"},{"taxonomy":"actividad_ciclo","embeddable":true,"href":"https:\/\/ludiccc.ddns.net\/de\/wp-json\/wp\/v2\/actividad_ciclo?post=14137"}],"curies":[{"name":"wp","href":"https:\/\/api.w.org\/{rel}","templated":true}]}}