{"id":14080,"date":"2006-11-30T00:00:00","date_gmt":"2006-11-30T00:00:00","guid":{"rendered":"https:\/\/fcmanrique.org\/fcm-actividad\/roque-calero-canarias-frente-a-la-c\/"},"modified":"2026-04-23T23:19:29","modified_gmt":"2026-04-23T23:19:29","slug":"roque-calero-canarias-frente-a-la-c","status":"publish","type":"fcm_actividad","link":"https:\/\/ludiccc.ddns.net\/de\/fcm-actividad\/roque-calero-canarias-frente-a-la-c\/","title":{"rendered":"Roque Calero. <em>Canarias frente a la crisis energ\u00e9tica y el cambio clim\u00e1tico<\/em>"},"content":{"rendered":"<div class=\"wp-block-columns fcm-page-migration-columns is-layout-flex wp-container-core-columns-is-layout-9d6595d7 wp-block-columns-is-layout-flex\"><div class=\"wp-block-column is-layout-flow wp-block-column-is-layout-flow\" style=\"flex-basis:66.66%\"><figure class=\"wp-block-image size-full\"><img width=\"135\" height=\"100\" src=\"https:\/\/fcm.local\/wp-content\/uploads\/thmb_thmb_roquecalero_135.jpg\" class=\"wp-image-14081\" alt=\"Roque Calero. Canarias frente a la crisis energ\u00e9tica y el cambio clim\u00e1tico\" loading=\"eager\" decoding=\"async\" \/><\/figure>\n<p>El 30 de noviembre de 2006, Roque Calero pronunci\u00f3 la conferencia titulada <em>Canarias frente a la crisis energ\u00e9tica y el cambio clim\u00e1tico.<\/em><\/p>\n<p>Roque Calero es <img loading=\"lazy\" decoding=\"async\" width=\"38\" height=\"780\" alt=\"\" src=\"file:\/\/\/C:\/DOCUME~1\/ADMINI~1\/CONFIG~1\/Temp\/msohtml1\/01\/clip_image001.gif\">Doctor Ingeniero Industrial y Catedr\u00e1tico en el \u00e1rea de Ingenier\u00eda Mec\u00e1nica de la Universidad de Las Palmas de Gran Canaria (ULPGC). Ha sido director de la Escuela T\u00e9cnica Superior de Ingenieros Industriales en esta Universidad y Secretario General de la Universidad Polit\u00e9cnica de Las Palmas. As\u00ed mismo, ha sido miembro del Claustro y del Consejo Social de la ULPGC y Miembro del Consejo Universitario de Canarias.<\/p>\n<p>Calero ha sido asesor del Comit\u00e9 de Ense\u00f1anza del Instituto de Ingenieros de Espa\u00f1a y de la Comisi\u00f3n de Seguimiento del Plan Hidrol\u00f3gico de Gran Canaria; creador e impulsor del \u00e1rea de I+D del Instituto Tecnol\u00f3gico de Canarias (ITC); y gestor y Director del Centro de Investigaci\u00f3n en Energ\u00eda y Agua perteneciente al ITC. Fund\u00f3 y dirigi\u00f3 la revista <em>Din\u00e1mica<\/em>, perteneciente al colegio de Ingenieros Industriales y ejerci\u00f3 como Secretario General de la Federaci\u00f3n Iberoamericana de Ingenier\u00eda Mec\u00e1nica.<\/p>\n<p>Ha publicado m\u00e1s de 30 libros y monograf\u00edas, un centenar de art\u00edculos en revistas especializadas y ponencias en congresos, ha dirigido m\u00e1s de 40 proyectos de I+D y ha desarrollado proyectos y convenios de investigaci\u00f3n con empresas y administraciones. Ha propuesto, adem\u00e1s, 4 patentes de invenci\u00f3n y un modelo de utilidad. <\/p>\n<p>Roque Calero ha llevado a cabo trabajos de consultor\u00eda a trav\u00e9s de distintos proyectos en Canarias, entre los que se cuentan el Plan de desarrollo sostenible del municipio de Betancuria y el Plan de desarrollo sostenible para la Comarca del Sureste de la isla de Gran Canaria.<\/p>\n<p>En el transcurso de su intervenci\u00f3n, Roque Calero abord\u00f3 el fen\u00f3meno del cambio clim\u00e1tico originado por la combusti\u00f3n de ingentes cantidades de combustibles f\u00f3siles, y el riesgo que supone para los cimientos de nuestra civilizaci\u00f3n tal como hoy la concebimos.<\/p>\n<p>A juicio de Calero, pr\u00e1cticamente todo el mundo est\u00e1 de acuerdo en que este modelo de desarrollo ha alcanzado sus l\u00edmites, y que \u201cotro modelo\u201d es necesario. Si lo definimos y lo imponemos, los necesarios cambios no s\u00f3lo no ser\u00e1n traum\u00e1ticos, sino que nos brindar\u00e1n nuevas oportunidades de progreso; en caso contrario, un \u201cnuevo modelo\u201d, ciertamente traum\u00e1tico, ser\u00e1 impuesto por el propio devenir de los acontecimientos.<\/p>\n<p>En la conferencia, Roque Calero analiz\u00f3 las causas que han conducido a la situaci\u00f3n actual y las perspectivas de futuro, a escala mundial, en caso de seguir por el mismo camino, para entrar seguidamente en un an\u00e1lisis de la situaci\u00f3n de las Islas Canarias.<\/p>\n<p>Durante la \u00faltima parte de la intervenci\u00f3n, defini\u00f3 los rasgos de un \u201cnuevo modelo\u201d de desarrollo a escala mundial, y para nuestras islas en particular, acorde con ese nuevo escenario que se perfila, haciendo especial \u00e9nfasis en c\u00f3mo convertir las amenazas causadas por los futuros problemas en nuevas oportunidades, en nuevas l\u00edneas de acci\u00f3n.<\/p>\n<p>Todo ello pondr\u00e1 de manifiesto, seg\u00fan Roque Calero, las \u201ccontradicciones\u201d entre nuestro modelo \u201ccontinuista actual\u201d y ese otro modelo \u201crupturista\u201d que Canarias necesita urgente e imperiosamente.<\/p><\/div><div class=\"wp-block-column is-layout-flow wp-block-column-is-layout-flow\" style=\"flex-basis:33.33%\"><div class=\"wp-block-group detail-panel detail-media wp-block-group-\"><div class=\"wp-block-group__inner-container is-layout-flow wp-block-group-is-layout-flow\"><p><a href=\"https:\/\/fcmanrique.org\/wp-content\/uploads\/thmb_roquecalero_640.jpg\"><\/a><\/p><\/div><\/div><\/div><\/div>","protected":false},"featured_media":14081,"parent":0,"template":"","meta":{"_acf_changed":false,"ngg_post_thumbnail":0,"footnotes":""},"actividad_tipo":[34],"actividad_lugar":[46],"actividad_departamento":[31],"actividad_ciclo":[73],"class_list":["post-14080","fcm_actividad","type-fcm_actividad","status-publish","has-post-thumbnail","hentry","actividad_tipo-conferencias","actividad_lugar-lugar-fcm","actividad_departamento-departamento-de-programas-culturales","actividad_ciclo-foro-archipielago"],"acf":[],"_links":{"self":[{"href":"https:\/\/ludiccc.ddns.net\/de\/wp-json\/wp\/v2\/fcm_actividad\/14080","targetHints":{"allow":["GET"]}}],"collection":[{"href":"https:\/\/ludiccc.ddns.net\/de\/wp-json\/wp\/v2\/fcm_actividad"}],"about":[{"href":"https:\/\/ludiccc.ddns.net\/de\/wp-json\/wp\/v2\/types\/fcm_actividad"}],"version-history":[{"count":1,"href":"https:\/\/ludiccc.ddns.net\/de\/wp-json\/wp\/v2\/fcm_actividad\/14080\/revisions"}],"predecessor-version":[{"id":27057,"href":"https:\/\/ludiccc.ddns.net\/de\/wp-json\/wp\/v2\/fcm_actividad\/14080\/revisions\/27057"}],"wp:featuredmedia":[{"embeddable":true,"href":"https:\/\/ludiccc.ddns.net\/de\/wp-json\/wp\/v2\/media\/14081"}],"wp:attachment":[{"href":"https:\/\/ludiccc.ddns.net\/de\/wp-json\/wp\/v2\/media?parent=14080"}],"wp:term":[{"taxonomy":"actividad_tipo","embeddable":true,"href":"https:\/\/ludiccc.ddns.net\/de\/wp-json\/wp\/v2\/actividad_tipo?post=14080"},{"taxonomy":"actividad_lugar","embeddable":true,"href":"https:\/\/ludiccc.ddns.net\/de\/wp-json\/wp\/v2\/actividad_lugar?post=14080"},{"taxonomy":"actividad_departamento","embeddable":true,"href":"https:\/\/ludiccc.ddns.net\/de\/wp-json\/wp\/v2\/actividad_departamento?post=14080"},{"taxonomy":"actividad_ciclo","embeddable":true,"href":"https:\/\/ludiccc.ddns.net\/de\/wp-json\/wp\/v2\/actividad_ciclo?post=14080"}],"curies":[{"name":"wp","href":"https:\/\/api.w.org\/{rel}","templated":true}]}}