{"id":13998,"date":"2005-06-02T00:00:00","date_gmt":"2005-06-02T00:00:00","guid":{"rendered":"https:\/\/fcmanrique.org\/fcm-actividad\/vicenc-navarro-bienestar-insuficien\/"},"modified":"2026-04-23T23:19:30","modified_gmt":"2026-04-23T23:19:30","slug":"vicenc-navarro-bienestar-insuficien","status":"publish","type":"fcm_actividad","link":"https:\/\/ludiccc.ddns.net\/de\/fcm-actividad\/vicenc-navarro-bienestar-insuficien\/","title":{"rendered":"Vicen\u00e7 Navarro. <em>Bienestar insuficiente, democracia incompleta<\/em>"},"content":{"rendered":"<div class=\"wp-block-columns fcm-page-migration-columns is-layout-flex wp-container-core-columns-is-layout-9d6595d7 wp-block-columns-is-layout-flex\"><div class=\"wp-block-column is-layout-flow wp-block-column-is-layout-flow\" style=\"flex-basis:66.66%\"><figure class=\"wp-block-image size-full\"><img width=\"135\" height=\"100\" src=\"https:\/\/fcm.local\/wp-content\/uploads\/thmb_thmb_vicencnavarro_135x100.jpg\" class=\"wp-image-13999\" alt=\"Vicen\u00e7 Navarro. Bienestar insuficiente, democracia incompleta\" loading=\"eager\" decoding=\"async\" \/><\/figure>\n<p>Vicen\u00e7 Navarro es licenciado en Medicina y Cirug\u00eda y estudi\u00f3 Econom\u00eda Pol\u00edtica en Suecia, donde realiz\u00f3 investigaciones sobre el estado de bienestar sueco. En 1965, fue invitado a integrarse en The Johns Hopkins University, en EE UU, donde realiz\u00f3 su doctorado en Pol\u00edticas P\u00fablicas y Sociales en 1967. A partir de esta fecha, fue nombrado Profesor en aquella instituci\u00f3n, ejerciendo c\u00e1tedras en Pol\u00edticas P\u00fablicas y Estudios Pol\u00edticos desde 1977, siendo uno de los fundadores del programa de Pol\u00edticas P\u00fablicas de esa universidad. <\/p>\n<p>Durante sus a\u00f1os de trabajo en EE UU realiz\u00f3 una serie de investigaciones y public\u00f3 varios libros sobre el estado del bienestar brit\u00e1nico. <\/p>\n<p>El profesor Vicen\u00e7 Navarro ha sido asesor de las Naciones Unidas as\u00ed como de muchos gobiernos europeos y de Am\u00e9rica Latina. Asesor de varios gobiernos estadounidenses y del Congreso de EE UU, habi\u00e9ndosele reconocido por el Gobierno Federal como uno de los cient\u00edficos que m\u00e1s ha contribuido a mejorar la salud y calidad de vida del pueblo estadounidense. En 1992, la Sra. Hilary Clinton, responsable del grupo de trabajo encargado de realizar la reforma sanitaria, le invit\u00f3 a que se integrara a su grupo, trabajando en la Casa Blanca durante 1993. <\/p>\n<p>Navarro ha escrito veinticinco libros y m\u00e1s de cuatrocientos art\u00edculos cient\u00edficos. Forma parte del Consejo de Direcci\u00f3n de varias revistas cient\u00edficas estadounidenses y europeas. En Espa\u00f1a ha publicado <em>Neoliberalismo y Estado del bienestar <\/em>(1998), <em>Globalizaci\u00f3n econ\u00f3mica, poder pol\u00edtico y Estado del bienestar <\/em>(2000). Su \u00faltimo libro, <em>The Political Economy of Social Inequalities <\/em>se ha publicado en EE UU en 2004. En Espa\u00f1a se le otorg\u00f3 el Premio Anagrama de Ensayo 2002 por su libro <em>Bienestar insuficiente, Democracia Incompleta. Sobre lo que no se habla en nuestro pa\u00eds <\/em>(2002).<\/p>\n<p>El 2 de junio de 2005, Vicen\u00e7 Navarro pronunci\u00f3 en la sede de la FCM, la conferencia <em>Bienestar insuficiente, democracia incompleta. De lo que no se habla en nuestro pa\u00eds<\/em>.<\/p>\n<p>El profesor Navarro analiz\u00f3 en su intervenci\u00f3n en la FCM el gran retraso del estado del bienestar espa\u00f1ol en sus distintas dimensiones, tanto en los servicios p\u00fablicos sociales (sanidad, educaci\u00f3n, servicios de ayuda a la familia, etc.), como en las transferencias (pensiones, etc.). Vicen\u00e7 Navarro abord\u00f3 a lo largo de su presentaci\u00f3n las causas pol\u00edticas de este retraso. A su juicio, una de las causas es \u201cel dominio de las fuerzas conservadoras en la transici\u00f3n de la dictadura a la democracia, proceso que no fue mod\u00e9lico, y que determin\u00f3 un estado del bienestar poco desarrollado y una democracia incompleta\u201d. <\/p>\n<p>Vicen\u00e7 Navarro comenz\u00f3 su conferencia explicando las razones de su exilio en 1962 a causa de sus actividades antifascistas. Su vuelta a Espa\u00f1a, en 1996, le supuso un fuerte choque, al comprobar que sus estudiantes desconoc\u00edan la historia reciente de Espa\u00f1a y esto les imposibilitaba para analizar la realidad. Estos hechos, seg\u00fan sus propias palabras, le llevaron a escribir su libro<em> Bienestar insuficiente, Democracia Incompleta. Sobre lo que no se habla en nuestro pa\u00eds<\/em>, \u201cpor salud mental\u201d.<\/p>\n<p>Navarro concluy\u00f3 argumentando que los cambios pol\u00edticos que est\u00e1n teniendo lugar permiten una segunda transici\u00f3n que deber\u00eda facilitar un bienestar m\u00e1s suficiente y una democracia m\u00e1s completa.<\/p><\/div><div class=\"wp-block-column is-layout-flow wp-block-column-is-layout-flow\" style=\"flex-basis:33.33%\"><div class=\"wp-block-group detail-panel detail-media wp-block-group-\"><div class=\"wp-block-group__inner-container is-layout-flow wp-block-group-is-layout-flow\"><p><a href=\"https:\/\/fcmanrique.org\/wp-content\/uploads\/thmb_thmb_vicencnavarro_241x180.jpg\"><\/a><\/p><\/div><\/div><\/div><\/div>","protected":false},"featured_media":13999,"parent":0,"template":"","meta":{"_acf_changed":false,"ngg_post_thumbnail":0,"footnotes":""},"actividad_tipo":[34],"actividad_lugar":[46],"actividad_departamento":[31],"actividad_ciclo":[74],"class_list":["post-13998","fcm_actividad","type-fcm_actividad","status-publish","has-post-thumbnail","hentry","actividad_tipo-conferencias","actividad_lugar-lugar-fcm","actividad_departamento-departamento-de-programas-culturales","actividad_ciclo-escuela-de-ciudadania"],"acf":[],"_links":{"self":[{"href":"https:\/\/ludiccc.ddns.net\/de\/wp-json\/wp\/v2\/fcm_actividad\/13998","targetHints":{"allow":["GET"]}}],"collection":[{"href":"https:\/\/ludiccc.ddns.net\/de\/wp-json\/wp\/v2\/fcm_actividad"}],"about":[{"href":"https:\/\/ludiccc.ddns.net\/de\/wp-json\/wp\/v2\/types\/fcm_actividad"}],"version-history":[{"count":1,"href":"https:\/\/ludiccc.ddns.net\/de\/wp-json\/wp\/v2\/fcm_actividad\/13998\/revisions"}],"predecessor-version":[{"id":27083,"href":"https:\/\/ludiccc.ddns.net\/de\/wp-json\/wp\/v2\/fcm_actividad\/13998\/revisions\/27083"}],"wp:featuredmedia":[{"embeddable":true,"href":"https:\/\/ludiccc.ddns.net\/de\/wp-json\/wp\/v2\/media\/13999"}],"wp:attachment":[{"href":"https:\/\/ludiccc.ddns.net\/de\/wp-json\/wp\/v2\/media?parent=13998"}],"wp:term":[{"taxonomy":"actividad_tipo","embeddable":true,"href":"https:\/\/ludiccc.ddns.net\/de\/wp-json\/wp\/v2\/actividad_tipo?post=13998"},{"taxonomy":"actividad_lugar","embeddable":true,"href":"https:\/\/ludiccc.ddns.net\/de\/wp-json\/wp\/v2\/actividad_lugar?post=13998"},{"taxonomy":"actividad_departamento","embeddable":true,"href":"https:\/\/ludiccc.ddns.net\/de\/wp-json\/wp\/v2\/actividad_departamento?post=13998"},{"taxonomy":"actividad_ciclo","embeddable":true,"href":"https:\/\/ludiccc.ddns.net\/de\/wp-json\/wp\/v2\/actividad_ciclo?post=13998"}],"curies":[{"name":"wp","href":"https:\/\/api.w.org\/{rel}","templated":true}]}}