{"id":13994,"date":"2005-09-29T00:00:00","date_gmt":"2005-09-29T00:00:00","guid":{"rendered":"https:\/\/fcmanrique.org\/fcm-actividad\/antonio-machado-de-la-biosfera-a-la\/"},"modified":"2026-04-23T23:19:19","modified_gmt":"2026-04-23T23:19:19","slug":"antonio-machado-de-la-biosfera-a-la","status":"publish","type":"fcm_actividad","link":"https:\/\/ludiccc.ddns.net\/de\/fcm-actividad\/antonio-machado-de-la-biosfera-a-la\/","title":{"rendered":"Antonio Machado. <em>De la biosfera a la psicosfera. \u00bfNecesitamos una nueva ecolog\u00eda?<\/em>"},"content":{"rendered":"<div class=\"wp-block-columns fcm-page-migration-columns is-layout-flex wp-container-core-columns-is-layout-9d6595d7 wp-block-columns-is-layout-flex\"><div class=\"wp-block-column is-layout-flow wp-block-column-is-layout-flow\" style=\"flex-basis:66.66%\"><figure class=\"wp-block-image size-full\"><img width=\"135\" height=\"100\" src=\"https:\/\/fcm.local\/wp-content\/uploads\/thmb_thmb_antoniomachado_135x100.jpg\" class=\"wp-image-13995\" alt=\"Antonio Machado. De la biosfera a la psicosfera. \u00bfNecesitamos una nueva ecolog\u00eda?\" loading=\"eager\" decoding=\"async\" \/><\/figure>\n<p>Antonio Machado es Doctor en Biolog\u00eda y colaborador del Museo Insular de Ciencias Naturales de Tenerife. En la actualidad es editor en jefe del <em>Journal for Nature Conservation<\/em>, miembro numerario de la Academia Canaria de la Lengua, profesor asociado de Ecolog\u00eda en la Universidad de La Laguna y trabaja como consultor independiente en materia de conservaci\u00f3n y medio ambiente. <\/p>\n<p>Machado ha sido profesor de Ecolog\u00eda de la Universidad de La Laguna (1976-1979) y durante varios a\u00f1os bi\u00f3logo del Instituto Nacional para La Conservaci\u00f3n de La Naturaleza, ejerciendo \u2014entre otros cargos\u2014 el de Director Conservador del Parque Nacional del Teide. <\/p>\n<p>Asimismo, ha sido Vocal Asesor del Gabinete de la Presidencia del Gobierno Central (1987) y Asesor de Ecolog\u00eda y Pol\u00edtica Ambiental del Gobierno de Canarias (1988-1991) y del Consejero de Econom\u00eda y Hacienda. Entre 1994 y 1995 se ocup\u00f3 de la Direcci\u00f3n de la Oficina de Relaciones Institucionales del Gobierno de Canarias en Madrid. <\/p>\n<p>Su producci\u00f3n cient\u00edfica se centra fundamentalmente en Entomolog\u00eda y la gesti\u00f3n t\u00e9cnica en materia de conservaci\u00f3n (gesti\u00f3n de \u00e1reas naturales, de vida silvestre, turismo sostenible, recuperaci\u00f3n de especies, etc.). Tambi\u00e9n ha realizado varias propuestas de anteproyectos legislativos (impacto ecol\u00f3gico, \u00e1reas protegidas, biodiversidad, etc.) y documentales de divulgaci\u00f3n sobre Ecolog\u00eda y sobre Naturaleza. <\/p>\n<p>Ha trabajado como experto para organismos extranjeros e instituciones internacionales (Consejo de Europa, CEE, Tropenbos). De 1991 a 1996 fue Consejero Regional electo de la UICN (Uni\u00f3n Mundial para la Naturaleza) para Europa Occidental y de 1994 a 2001 Presidente del Centro Europeo para la Conservaci\u00f3n de la Naturaleza (ECNC). <\/p>\n<p>En la conferencia <em>De la biosfera a la psicosfera. \u00bfNecesitamos una nueva ecolog\u00eda?<\/em>, pronunciada el 29 de septiembre de 2005, repas\u00f3 brevemente el proceso de formaci\u00f3n de la biosfera en nuestro planeta y la aparici\u00f3n de la psicosfera, como consecuencia de la emergencia de la mente en la especie humana.<\/p>\n<p>Machado discuti\u00f3 sobre la utilidad de la Ecolog\u00eda cl\u00e1sica, de corte biosf\u00e9rico, como insuficiente para afrontar los retos actuales, y propuso ahondar en una nueva f\u00edsica y ecolog\u00eda de la Informaci\u00f3n. A su juicio, \u201clo que hoy funciona en la Tierra es una psicosfera en la que la informaci\u00f3n circula de forma muy acelerada y los cambios que acaecen son muy r\u00e1pidos. Bajo esta nueva \u00f3ptica, el discurso ecologista profundo, al tomar la biosfera como referente, est\u00e1 desencaminado. No se puede regresar al pasado\u201d. <\/p>\n<p>Su intervenci\u00f3n finaliz\u00f3 con un coloquio en el que respondi\u00f3 a cuestiones sobre la noosfera, los elementos claves para la formaci\u00f3n de la vida pensante, la extinci\u00f3n como apertura a otras formas de vida o el ecologismo.<\/p><\/div><div class=\"wp-block-column is-layout-flow wp-block-column-is-layout-flow\" style=\"flex-basis:33.33%\"><div class=\"wp-block-group detail-panel detail-media wp-block-group-\"><div class=\"wp-block-group__inner-container is-layout-flow wp-block-group-is-layout-flow\"><p><a href=\"https:\/\/fcmanrique.org\/wp-content\/uploads\/thmb_antoniomachado_640.jpg\"><\/a><\/p><\/div><\/div><\/div><\/div>","protected":false},"featured_media":13995,"parent":0,"template":"","meta":{"_acf_changed":false,"ngg_post_thumbnail":0,"footnotes":""},"actividad_tipo":[34],"actividad_lugar":[46],"actividad_departamento":[31],"actividad_ciclo":[73],"class_list":["post-13994","fcm_actividad","type-fcm_actividad","status-publish","has-post-thumbnail","hentry","actividad_tipo-conferencias","actividad_lugar-lugar-fcm","actividad_departamento-departamento-de-programas-culturales","actividad_ciclo-foro-archipielago"],"acf":[],"_links":{"self":[{"href":"https:\/\/ludiccc.ddns.net\/de\/wp-json\/wp\/v2\/fcm_actividad\/13994","targetHints":{"allow":["GET"]}}],"collection":[{"href":"https:\/\/ludiccc.ddns.net\/de\/wp-json\/wp\/v2\/fcm_actividad"}],"about":[{"href":"https:\/\/ludiccc.ddns.net\/de\/wp-json\/wp\/v2\/types\/fcm_actividad"}],"version-history":[{"count":1,"href":"https:\/\/ludiccc.ddns.net\/de\/wp-json\/wp\/v2\/fcm_actividad\/13994\/revisions"}],"predecessor-version":[{"id":26950,"href":"https:\/\/ludiccc.ddns.net\/de\/wp-json\/wp\/v2\/fcm_actividad\/13994\/revisions\/26950"}],"wp:featuredmedia":[{"embeddable":true,"href":"https:\/\/ludiccc.ddns.net\/de\/wp-json\/wp\/v2\/media\/13995"}],"wp:attachment":[{"href":"https:\/\/ludiccc.ddns.net\/de\/wp-json\/wp\/v2\/media?parent=13994"}],"wp:term":[{"taxonomy":"actividad_tipo","embeddable":true,"href":"https:\/\/ludiccc.ddns.net\/de\/wp-json\/wp\/v2\/actividad_tipo?post=13994"},{"taxonomy":"actividad_lugar","embeddable":true,"href":"https:\/\/ludiccc.ddns.net\/de\/wp-json\/wp\/v2\/actividad_lugar?post=13994"},{"taxonomy":"actividad_departamento","embeddable":true,"href":"https:\/\/ludiccc.ddns.net\/de\/wp-json\/wp\/v2\/actividad_departamento?post=13994"},{"taxonomy":"actividad_ciclo","embeddable":true,"href":"https:\/\/ludiccc.ddns.net\/de\/wp-json\/wp\/v2\/actividad_ciclo?post=13994"}],"curies":[{"name":"wp","href":"https:\/\/api.w.org\/{rel}","templated":true}]}}